{"id":1306,"date":"2021-05-07T17:39:14","date_gmt":"2021-05-07T15:39:14","guid":{"rendered":"https:\/\/expo.rosalis.bibliotheque.toulouse.fr\/deodat-de-severac\/?post_type=oeuvre&#038;p=1306"},"modified":"2021-06-21T15:42:42","modified_gmt":"2021-06-21T13:42:42","slug":"a-laube-dans-la-montagne","status":"publish","type":"oeuvre","link":"https:\/\/expo.rosalis.bibliotheque.toulouse.fr\/deodat-de-severac\/oeuvre\/a-laube-dans-la-montagne\/","title":{"rendered":"\u00c0 l&rsquo;aube dans la montagne"},"content":{"rendered":"\n<h3 class=\"wp-block-heading\">Po\u00e8me et musique de D\u00e9odat de S\u00e9verac<\/h3>\n\n\n\n<figure class=\"wp-block-audio aligncenter\"><audio controls src=\"https:\/\/expo.rosalis.bibliotheque.toulouse.fr\/deodat-de-severac\/wp-content\/uploads\/sites\/3\/2021\/05\/04-A-Laube-Dans-La-Montagne.mp3\"><\/audio><figcaption>M\u00e9lodies et chansons &#8211; D\u00e9odat de S\u00e9verac ; Michelle Command, soprano ; Jacques Bernier, piano &#8211; Scalen&rsquo;Disc 1987<\/figcaption><\/figure>\n\n\n\n<div class=\"wp-block-expo-extract\"><p class=\"extract_title colored\">SUR L\u2019\u0152UVRE<\/p><p class=\"extract_content\">Dans <em>A l\u2019aube dans la montagne<\/em>, D\u00e9odat de S\u00e9verac met en musique ses propres paroles. Peut-\u00eatre pour cela, l&rsquo;\u00e9criture pianistique de cet hymne \u00e0 la nature, toute en suggestion, se fait particuli\u00e8rement l&rsquo;\u00e9pouse du verbe. Sur une forme tr\u00e8s libre, le piano tisse un dialogue subtil avec la ligne vocale, trac\u00e9e avec gr\u00e2ce et souplesse prosodique. La ma\u00eetrise du propos musical place le compositeur parmi les meilleurs m\u00e9lodistes fran\u00e7ais.<\/p><\/div>\n\n\n\n<div class=\"wp-block-expo-accordion\"><h2 class=\"accordeon_title\" aria-expanded=\"false\" aria-controls=\"collapse_3629\" data-toggle=\"collapse\" data-target=\"#collapse_3629\">D\u00e9tails<\/h2><div id=\"collapse_3629\" class=\"collapse\" aria-labelledby=\"heading_3629\">\n<p><strong>Compositeur : <\/strong>D\u00e9odat de S\u00e9verac<br><strong>Date de composition : <\/strong>1903<strong><br>Genre : <\/strong>M\u00e9lodie<strong><br>Tonalit\u00e9 : <\/strong>Sol mineur<\/p>\n<\/div><\/div>\n\n\n\n<div class=\"wp-block-expo-accordion\"><h2 class=\"accordeon_title\" aria-expanded=\"false\" aria-controls=\"collapse_7921\" data-toggle=\"collapse\" data-target=\"#collapse_7921\">Aller plus loin<\/h2><div id=\"collapse_7921\" class=\"collapse\" aria-labelledby=\"heading_7921\">\n<div class=\"wp-block-buttons is-layout-flex wp-block-buttons-is-layout-flex\">\n<div class=\"wp-block-button\"><a class=\"wp-block-button__link\" href=\"https:\/\/blog.rosalis.bibliotheque.toulouse.fr\/a-laube-sur-la-montagne-melodie-de-deodat-de-severac-episode-1\/\" target=\"_blank\" rel=\"noreferrer noopener\">A L\u2019AUBE DANS LA MONTAGNE \u2013 BILLET DE BLOG (1)<\/a><\/div>\n<\/div>\n\n\n\n<div class=\"wp-block-buttons is-layout-flex wp-block-buttons-is-layout-flex\">\n<div class=\"wp-block-button\"><a class=\"wp-block-button__link\" href=\"https:\/\/blog.rosalis.bibliotheque.toulouse.fr\/a-laube-sur-la-montagne-melodie-de-deodat-de-severac-episode-2\/\" target=\"_blank\" rel=\"noreferrer noopener\">A L&rsquo;AUBE DANS LA MONTAGNE &#8211; BILLET DE BLOG (2)<\/a><\/div>\n<\/div>\n<\/div><\/div>\n\n\n\n<div class=\"wp-block-expo-accordion\"><h2 class=\"accordeon_title\" aria-expanded=\"false\" aria-controls=\"collapse_7781\" data-toggle=\"collapse\" data-target=\"#collapse_7781\">Ressources associ\u00e9es<\/h2><div id=\"collapse_7781\" class=\"collapse\" aria-labelledby=\"heading_7781\">\n<div class=\"wp-block-buttons is-layout-flex wp-block-buttons-is-layout-flex\">\n<div class=\"wp-block-button\"><a class=\"wp-block-button__link\" href=\"https:\/\/rosalis.bibliotheque.toulouse.fr\/services\/engine\/search\/sru?operation=searchRetrieve&amp;exactSearch=null&amp;collapsing=true&amp;version=1.2&amp;query=((dc.creator%20all%20%22S%C3%A9verac%22%20or%20dc.contributor%20all%20%22S%C3%A9verac%22%20)%20and%20dc.title%20all%20%22aube%20montagne%22%20)%20&amp;suggest=10&amp;keywords=S%C3%A9verac%20aube%20montagne\" target=\"_blank\" rel=\"noreferrer noopener\">LES PARTITIONS NUM\u00c9RIS\u00c9ES DANS ROSALIS<\/a><\/div>\n<\/div>\n<\/div><\/div>\n\n\n\n<hr class=\"wp-block-separator\"\/>\n\n\n\n<p class=\"has-text-align-right has-small-font-size\">Illustration : Personnages &#8211; Jean B\u00e9raud &#8211; Wikimedia Commons, Collection priv\u00e9e<\/p>\n","protected":false},"excerpt":{"rendered":"<p>Po\u00e8me et musique de D\u00e9odat de S\u00e9verac Illustration : Personnages &#8211; Jean B\u00e9raud &#8211; Wikimedia Commons, Collection priv\u00e9e<\/p>\n","protected":false},"author":4,"featured_media":1799,"template":"","class_list":["post-1306","oeuvre","type-oeuvre","status-publish","has-post-thumbnail","hentry"],"featuredTag":"<img width=\"770\" height=\"720\" src=\"https:\/\/expo.rosalis.bibliotheque.toulouse.fr\/deodat-de-severac\/wp-content\/uploads\/sites\/3\/2021\/05\/Jean_Beraud_Personnages.jpg\" class=\"attachment-post-thumbnail size-post-thumbnail wp-post-image\" alt=\"\" decoding=\"async\" loading=\"lazy\" srcset=\"https:\/\/expo.rosalis.bibliotheque.toulouse.fr\/deodat-de-severac\/wp-content\/uploads\/sites\/3\/2021\/05\/Jean_Beraud_Personnages.jpg 770w, https:\/\/expo.rosalis.bibliotheque.toulouse.fr\/deodat-de-severac\/wp-content\/uploads\/sites\/3\/2021\/05\/Jean_Beraud_Personnages-300x281.jpg 300w, https:\/\/expo.rosalis.bibliotheque.toulouse.fr\/deodat-de-severac\/wp-content\/uploads\/sites\/3\/2021\/05\/Jean_Beraud_Personnages-768x718.jpg 768w\" sizes=\"auto, (max-width: 770px) 100vw, 770px\" \/>","_links":{"self":[{"href":"https:\/\/expo.rosalis.bibliotheque.toulouse.fr\/deodat-de-severac\/wp-json\/wp\/v2\/oeuvre\/1306","targetHints":{"allow":["GET"]}}],"collection":[{"href":"https:\/\/expo.rosalis.bibliotheque.toulouse.fr\/deodat-de-severac\/wp-json\/wp\/v2\/oeuvre"}],"about":[{"href":"https:\/\/expo.rosalis.bibliotheque.toulouse.fr\/deodat-de-severac\/wp-json\/wp\/v2\/types\/oeuvre"}],"author":[{"embeddable":true,"href":"https:\/\/expo.rosalis.bibliotheque.toulouse.fr\/deodat-de-severac\/wp-json\/wp\/v2\/users\/4"}],"wp:featuredmedia":[{"embeddable":true,"href":"https:\/\/expo.rosalis.bibliotheque.toulouse.fr\/deodat-de-severac\/wp-json\/wp\/v2\/media\/1799"}],"wp:attachment":[{"href":"https:\/\/expo.rosalis.bibliotheque.toulouse.fr\/deodat-de-severac\/wp-json\/wp\/v2\/media?parent=1306"}],"curies":[{"name":"wp","href":"https:\/\/api.w.org\/{rel}","templated":true}]}}