{"id":855,"date":"2021-04-02T18:35:57","date_gmt":"2021-04-02T16:35:57","guid":{"rendered":"https:\/\/expo.rosalis.bibliotheque.toulouse.fr\/clic-clac\/?page_id=855"},"modified":"2021-05-30T22:27:24","modified_gmt":"2021-05-30T20:27:24","slug":"galerie-photos","status":"publish","type":"page","link":"https:\/\/expo.rosalis.bibliotheque.toulouse.fr\/clic-clac\/ressources-medias\/galerie-photos\/","title":{"rendered":"Galerie photos &#038; vid\u00e9o"},"content":{"rendered":"\n<div class=\"wp-block-expo-extract\"><p class=\"extract_title colored\">Voir &amp; revoir<\/p><p class=\"extract_content\">Galerie photos et vid\u00e9os consacr\u00e9e au temps fort autour de la photographie dans la litt\u00e9rature jeunesse \u00e0 la biblioth\u00e8que de Toulouse en 2021 : retour sur des expositions, ateliers, animations au sein des biblioth\u00e8ques et m\u00e9diath\u00e8ques jeunesse de Toulouse.<\/p><\/div>\n\n\n\n<div style=\"height:26px\" aria-hidden=\"true\" class=\"wp-block-spacer\"><\/div>\n\n\n\n<h2 class=\"wp-block-heading\">\u00ab\u00a0Clic Clac, la photographie dans la litt\u00e9rature jeunesse\u00a0\u00bb<\/h2>\n\n\n\n<p>Exposition M\u00e9diath\u00e8que Jos\u00e9 Cabanis, 16 mars -19 septembre 2021<\/p>\n\n\n\n<div style=\"height:38px\" aria-hidden=\"true\" class=\"wp-block-spacer\"><\/div>\n\n\n\n<figure class=\"wp-block-embed is-type-video is-provider-youtube wp-block-embed-youtube wp-embed-aspect-16-9 wp-has-aspect-ratio\"><div class=\"wp-block-embed__wrapper\">\n<div class=\"embed-responsive embed-responsive-16by9\"><iframe loading=\"lazy\" class=\"embed-responsive-item\" title=\"Visite virtuelle de l\u2019exposition Clic Clac\" width=\"500\" height=\"281\" src=\"https:\/\/www.youtube.com\/embed\/IN-5q9_MT0Q?feature=oembed\" frameborder=\"0\" allow=\"accelerometer; autoplay; clipboard-write; encrypted-media; gyroscope; picture-in-picture; web-share\" referrerpolicy=\"strict-origin-when-cross-origin\" allowfullscreen><\/iframe><\/div>\n<\/div><\/figure>\n\n\n\n<div style=\"height:69px\" aria-hidden=\"true\" class=\"wp-block-spacer\"><\/div>\n\n\n\n            <\/div>\n        <\/div>\n        <div class=\"row no-gutters\">\n            <div class=\"col-12\">\n    <div class=\"swiper_nomargin_cont\">\n<div class=\"wp-block-expo-carrousel swiper_element_cont\"><div class=\"swiper-container mcr-swiper-container js-mcr-swiper-container\"><div class=\"swiper-wrapper mcr-swiper-wrapper\"><div class=\"swiper-slide mcr-swiper-slide\"><img decoding=\"async\" src=\"https:\/\/expo.rosalis.bibliotheque.toulouse.fr\/clic-clac\/wp-content\/uploads\/sites\/5\/2021\/04\/ClicClac-photoExpo-13-e1619274016709.jpg\" alt=\"\"\/><\/div><div class=\"swiper-slide mcr-swiper-slide\"><img decoding=\"async\" src=\"https:\/\/expo.rosalis.bibliotheque.toulouse.fr\/clic-clac\/wp-content\/uploads\/sites\/5\/2021\/05\/164275481_10157663917606470_7774916523317922638_n.jpg\" alt=\"\"\/><\/div><div class=\"swiper-slide mcr-swiper-slide\"><img decoding=\"async\" src=\"https:\/\/expo.rosalis.bibliotheque.toulouse.fr\/clic-clac\/wp-content\/uploads\/sites\/5\/2021\/05\/164837876_10157663917491470_2800717571965820020_n.jpg\" alt=\"\"\/><\/div><div class=\"swiper-slide mcr-swiper-slide\"><img decoding=\"async\" src=\"https:\/\/expo.rosalis.bibliotheque.toulouse.fr\/clic-clac\/wp-content\/uploads\/sites\/5\/2021\/05\/164245754_10157663917731470_8561187990612208980_n.jpg\" alt=\"\"\/><\/div><div class=\"swiper-slide mcr-swiper-slide\"><img decoding=\"async\" src=\"https:\/\/expo.rosalis.bibliotheque.toulouse.fr\/clic-clac\/wp-content\/uploads\/sites\/5\/2021\/05\/164526647_10157663917481470_6360075219384279572_n.jpg\" alt=\"\"\/><\/div><div class=\"swiper-slide mcr-swiper-slide\"><img decoding=\"async\" src=\"https:\/\/expo.rosalis.bibliotheque.toulouse.fr\/clic-clac\/wp-content\/uploads\/sites\/5\/2021\/05\/164437021_10157663917446470_454444060385681643_n.jpg\" alt=\"\"\/><\/div><div class=\"swiper-slide mcr-swiper-slide\"><img decoding=\"async\" src=\"https:\/\/expo.rosalis.bibliotheque.toulouse.fr\/clic-clac\/wp-content\/uploads\/sites\/5\/2021\/04\/IMG_3058-1024x768-1.jpg\" alt=\"\"\/><\/div><div class=\"swiper-slide mcr-swiper-slide\"><img decoding=\"async\" src=\"https:\/\/expo.rosalis.bibliotheque.toulouse.fr\/clic-clac\/wp-content\/uploads\/sites\/5\/2021\/05\/20210402_140734.jpg\" alt=\"\"\/><\/div><div class=\"swiper-slide mcr-swiper-slide\"><img decoding=\"async\" src=\"https:\/\/expo.rosalis.bibliotheque.toulouse.fr\/clic-clac\/wp-content\/uploads\/sites\/5\/2021\/04\/de-e1619273676553.jpg\" alt=\"\"\/><\/div><div class=\"swiper-slide mcr-swiper-slide\"><img decoding=\"async\" src=\"https:\/\/expo.rosalis.bibliotheque.toulouse.fr\/clic-clac\/wp-content\/uploads\/sites\/5\/2021\/05\/20210402_143850.jpg\" alt=\"\"\/><\/div><div class=\"swiper-slide mcr-swiper-slide\"><img decoding=\"async\" src=\"https:\/\/expo.rosalis.bibliotheque.toulouse.fr\/clic-clac\/wp-content\/uploads\/sites\/5\/2021\/05\/40BB321A-A2AA-4E1F-8BD8-E75597FF4A6C.jpg\" alt=\"\"\/><\/div><div class=\"swiper-slide mcr-swiper-slide\"><img decoding=\"async\" src=\"https:\/\/expo.rosalis.bibliotheque.toulouse.fr\/clic-clac\/wp-content\/uploads\/sites\/5\/2021\/05\/IMG_20210424_120947.jpg\" alt=\"\"\/><\/div><div class=\"swiper-slide mcr-swiper-slide\"><img decoding=\"async\" src=\"https:\/\/expo.rosalis.bibliotheque.toulouse.fr\/clic-clac\/wp-content\/uploads\/sites\/5\/2021\/04\/IMG_20210424_1154572-1-1024x607.jpg\" alt=\"\"\/><\/div><div class=\"swiper-slide mcr-swiper-slide\"><img decoding=\"async\" src=\"https:\/\/expo.rosalis.bibliotheque.toulouse.fr\/clic-clac\/wp-content\/uploads\/sites\/5\/2021\/05\/hhhjjj.jpg\" alt=\"\"\/><\/div><div class=\"swiper-slide mcr-swiper-slide\"><img decoding=\"async\" src=\"https:\/\/expo.rosalis.bibliotheque.toulouse.fr\/clic-clac\/wp-content\/uploads\/sites\/5\/2021\/05\/IMG_20210428_153304.jpg\" alt=\"\"\/><\/div><\/div><\/div><div class=\"js-mcr-swiper-button-prev swiper-button-prev mcr-swiper-button-prev border_colored colored\"><span>Pr\u00e9c\u00e9dent<\/span><\/div><div class=\"figcaption_cont\"><figcaption>Photos autour de l&rsquo;exposition Clic Clac<\/figcaption><\/div><div class=\"js-mcr-swiper-button-next swiper-button-next mcr-swiper-button-next border_colored colored\"><span>Suivant<\/span><\/div><\/div>\n<\/div>\n        <\/div>\n    <\/div>\n    <div class=\"row\">\n        <div class=\"col-12 offset-0 col-lg-8 offset-lg-2 col-xl-6 offset-xl-3\">\n\n\n<div style=\"height:68px\" aria-hidden=\"true\" class=\"wp-block-spacer\"><\/div>\n\n\n\n<figure class=\"wp-block-video\"><video height=\"720\" style=\"aspect-ratio: 1280 \/ 720;\" width=\"1280\" controls src=\"https:\/\/expo.rosalis.bibliotheque.toulouse.fr\/clic-clac\/wp-content\/uploads\/sites\/5\/2021\/04\/Green-romance-cabanis.mp4\"><\/video><\/figure>\n\n\n\n<figure class=\"wp-block-image size-large\"><img loading=\"lazy\" decoding=\"async\" width=\"1024\" height=\"768\" src=\"https:\/\/expo.rosalis.bibliotheque.toulouse.fr\/clic-clac\/wp-content\/uploads\/sites\/5\/2021\/05\/IMG_20210424_164228-1024x768.jpg\" alt=\"\" class=\"wp-image-3582\" srcset=\"https:\/\/expo.rosalis.bibliotheque.toulouse.fr\/clic-clac\/wp-content\/uploads\/sites\/5\/2021\/05\/IMG_20210424_164228-1024x768.jpg 1024w, https:\/\/expo.rosalis.bibliotheque.toulouse.fr\/clic-clac\/wp-content\/uploads\/sites\/5\/2021\/05\/IMG_20210424_164228-300x225.jpg 300w, https:\/\/expo.rosalis.bibliotheque.toulouse.fr\/clic-clac\/wp-content\/uploads\/sites\/5\/2021\/05\/IMG_20210424_164228-768x576.jpg 768w, https:\/\/expo.rosalis.bibliotheque.toulouse.fr\/clic-clac\/wp-content\/uploads\/sites\/5\/2021\/05\/IMG_20210424_164228-1536x1152.jpg 1536w, https:\/\/expo.rosalis.bibliotheque.toulouse.fr\/clic-clac\/wp-content\/uploads\/sites\/5\/2021\/05\/IMG_20210424_164228-2048x1536.jpg 2048w, https:\/\/expo.rosalis.bibliotheque.toulouse.fr\/clic-clac\/wp-content\/uploads\/sites\/5\/2021\/05\/IMG_20210424_164228-1400x1050.jpg 1400w\" sizes=\"auto, (max-width: 1024px) 100vw, 1024px\" \/><figcaption>Atelier Stop Motion, M\u00e9diath\u00e8que Jos\u00e9 Cabanis, avril 2021<\/figcaption><\/figure>\n\n\n\n<div style=\"height:100px\" aria-hidden=\"true\" class=\"wp-block-spacer\"><\/div>\n\n\n\n<h2 class=\"wp-block-heading\" id=\"block-dc84a6b2-d244-4286-a48f-c48d8179257a\">\u00ab\u00a0Photographie et livre jeunesse de Fran\u00e7ois Delebecque\u00a0\u00bb<\/h2>\n\n\n\n<p id=\"block-45727ba4-0d53-46cd-8198-73c434cf5e43\">Exposition \u00e0 la biblioth\u00e8que de Duranti, 18 mars &#8211; 26 juin 2021<\/p>\n\n\n\n<figure class=\"wp-block-image size-large\"><img decoding=\"async\" src=\"https:\/\/expo.rosalis.bibliotheque.toulouse.fr\/clic-clac\/wp-content\/uploads\/sites\/5\/2021\/04\/162547656_4047688018582942_5102966532073235018_n.jpg\" alt=\"\"\/><\/figure>\n\n\n\n<figure class=\"wp-block-image size-large\"><img loading=\"lazy\" decoding=\"async\" width=\"960\" height=\"720\" src=\"https:\/\/expo.rosalis.bibliotheque.toulouse.fr\/clic-clac\/wp-content\/uploads\/sites\/5\/2021\/04\/163235576_4047687145249696_2783308218210569027_n.jpg\" alt=\"\" class=\"wp-image-1631\" srcset=\"https:\/\/expo.rosalis.bibliotheque.toulouse.fr\/clic-clac\/wp-content\/uploads\/sites\/5\/2021\/04\/163235576_4047687145249696_2783308218210569027_n.jpg 960w, https:\/\/expo.rosalis.bibliotheque.toulouse.fr\/clic-clac\/wp-content\/uploads\/sites\/5\/2021\/04\/163235576_4047687145249696_2783308218210569027_n-300x225.jpg 300w, https:\/\/expo.rosalis.bibliotheque.toulouse.fr\/clic-clac\/wp-content\/uploads\/sites\/5\/2021\/04\/163235576_4047687145249696_2783308218210569027_n-768x576.jpg 768w\" sizes=\"auto, (max-width: 960px) 100vw, 960px\" \/><\/figure>\n\n\n\n<div style=\"height:100px\" aria-hidden=\"true\" class=\"wp-block-spacer\"><\/div>\n\n\n\n<h2 class=\"wp-block-heading\">\u00ab\u00a0En chemin de Dani\u00e8le Boucon\u00a0\u00bb<\/h2>\n\n\n\n<p>Exposition \u00e0 la M\u00e9diath\u00e8que des Minimes, 27 avril &#8211; 3 juillet 2021<\/p>\n\n\n\n<figure class=\"wp-block-image size-large\"><img loading=\"lazy\" decoding=\"async\" width=\"756\" height=\"600\" src=\"https:\/\/expo.rosalis.bibliotheque.toulouse.fr\/clic-clac\/wp-content\/uploads\/sites\/5\/2021\/05\/2en-chemin-IMG_20210426_101714.jpg\" alt=\"\" class=\"wp-image-3055\" srcset=\"https:\/\/expo.rosalis.bibliotheque.toulouse.fr\/clic-clac\/wp-content\/uploads\/sites\/5\/2021\/05\/2en-chemin-IMG_20210426_101714.jpg 756w, https:\/\/expo.rosalis.bibliotheque.toulouse.fr\/clic-clac\/wp-content\/uploads\/sites\/5\/2021\/05\/2en-chemin-IMG_20210426_101714-300x238.jpg 300w\" sizes=\"auto, (max-width: 756px) 100vw, 756px\" \/><figcaption>Exposition d&rsquo;originaux des photographies de l&rsquo;album <em>En chemin<\/em> de Dani\u00e8le Boucon, Az&rsquo;Art \u00e9ditions, \u00e0 para\u00eetre<\/figcaption><\/figure>\n\n\n\n<div style=\"height:40px\" aria-hidden=\"true\" class=\"wp-block-spacer\"><\/div>\n\n\n\n<figure class=\"wp-block-image size-large\"><img loading=\"lazy\" decoding=\"async\" width=\"800\" height=\"600\" src=\"https:\/\/expo.rosalis.bibliotheque.toulouse.fr\/clic-clac\/wp-content\/uploads\/sites\/5\/2021\/05\/en-chemin-IMG_20210426_103004-2.jpg\" alt=\"\" class=\"wp-image-3056\" srcset=\"https:\/\/expo.rosalis.bibliotheque.toulouse.fr\/clic-clac\/wp-content\/uploads\/sites\/5\/2021\/05\/en-chemin-IMG_20210426_103004-2.jpg 800w, https:\/\/expo.rosalis.bibliotheque.toulouse.fr\/clic-clac\/wp-content\/uploads\/sites\/5\/2021\/05\/en-chemin-IMG_20210426_103004-2-300x225.jpg 300w, https:\/\/expo.rosalis.bibliotheque.toulouse.fr\/clic-clac\/wp-content\/uploads\/sites\/5\/2021\/05\/en-chemin-IMG_20210426_103004-2-768x576.jpg 768w\" sizes=\"auto, (max-width: 800px) 100vw, 800px\" \/><\/figure>\n\n\n\n<div style=\"height:100px\" aria-hidden=\"true\" class=\"wp-block-spacer\"><\/div>\n\n\n\n<h2 class=\"wp-block-heading\">\u00ab\u00a0La photo qui raconte, du r\u00e9el \u00e0 l&rsquo;imaginaire\u00a0\u00bb<\/h2>\n\n\n\n<p>Exposition \u00e0 l&rsquo;INSPE Toulouse Occitanie-Pyr\u00e9n\u00e9es (Institut national sup\u00e9rieur du professorat et de l&rsquo;\u00e9ducation), 16 mars &#8211; 13 avril 2021<\/p>\n\n\n\n<figure class=\"wp-block-image size-large\"><img loading=\"lazy\" decoding=\"async\" width=\"1024\" height=\"601\" src=\"https:\/\/expo.rosalis.bibliotheque.toulouse.fr\/clic-clac\/wp-content\/uploads\/sites\/5\/2021\/05\/WP_20210317_009-1024x601.jpg\" alt=\"\" class=\"wp-image-3061\" srcset=\"https:\/\/expo.rosalis.bibliotheque.toulouse.fr\/clic-clac\/wp-content\/uploads\/sites\/5\/2021\/05\/WP_20210317_009-1024x601.jpg 1024w, https:\/\/expo.rosalis.bibliotheque.toulouse.fr\/clic-clac\/wp-content\/uploads\/sites\/5\/2021\/05\/WP_20210317_009-300x176.jpg 300w, https:\/\/expo.rosalis.bibliotheque.toulouse.fr\/clic-clac\/wp-content\/uploads\/sites\/5\/2021\/05\/WP_20210317_009-768x451.jpg 768w, https:\/\/expo.rosalis.bibliotheque.toulouse.fr\/clic-clac\/wp-content\/uploads\/sites\/5\/2021\/05\/WP_20210317_009-1536x902.jpg 1536w, https:\/\/expo.rosalis.bibliotheque.toulouse.fr\/clic-clac\/wp-content\/uploads\/sites\/5\/2021\/05\/WP_20210317_009-2048x1202.jpg 2048w, https:\/\/expo.rosalis.bibliotheque.toulouse.fr\/clic-clac\/wp-content\/uploads\/sites\/5\/2021\/05\/WP_20210317_009-1400x822.jpg 1400w\" sizes=\"auto, (max-width: 1024px) 100vw, 1024px\" \/><\/figure>\n\n\n\n<div style=\"height:40px\" aria-hidden=\"true\" class=\"wp-block-spacer\"><\/div>\n\n\n\n<div class=\"wp-block-image\"><figure class=\"aligncenter size-large\"><img loading=\"lazy\" decoding=\"async\" width=\"526\" height=\"295\" src=\"https:\/\/expo.rosalis.bibliotheque.toulouse.fr\/clic-clac\/wp-content\/uploads\/sites\/5\/2021\/05\/clic-clac2-1.jpg\" alt=\"\" class=\"wp-image-3064\" srcset=\"https:\/\/expo.rosalis.bibliotheque.toulouse.fr\/clic-clac\/wp-content\/uploads\/sites\/5\/2021\/05\/clic-clac2-1.jpg 526w, https:\/\/expo.rosalis.bibliotheque.toulouse.fr\/clic-clac\/wp-content\/uploads\/sites\/5\/2021\/05\/clic-clac2-1-300x168.jpg 300w\" sizes=\"auto, (max-width: 526px) 100vw, 526px\" \/><figcaption>Vue sur <em>Une fabuleuse entreprise <\/em>de Louise Vilmorin, Calmann-L\u00e9vy, 1956<\/figcaption><\/figure><\/div>\n\n\n\n<div style=\"height:100px\" aria-hidden=\"true\" class=\"wp-block-spacer\"><\/div>\n\n\n\n<h2 class=\"wp-block-heading\">\u00ab\u00a0Focus sur quelques albums des collections patrimoniales jeunesse de Toulouse\u00a0\u00bb<\/h2>\n\n\n\n<p>Pr\u00e9sentation \u00e0 la Biblioth\u00e8que d&rsquo;\u00e9tude et du patrimoine, 16 mars &#8211; 30 mai 2021<\/p>\n\n\n\n            <\/div>\n        <\/div>\n        <div class=\"row no-gutters\">\n            <div class=\"col-12\">\n    <div class=\"row\"><div class=\"col-12 col-md-8 offset-md-2 no-mobile-padding\">\n<figure class=\"wp-block-gallery columns-2 is-cropped wp-block-gallery-1 is-layout-flex wp-block-gallery-is-layout-flex\"><ul class=\"blocks-gallery-grid\"><li class=\"blocks-gallery-item\"><figure><img loading=\"lazy\" decoding=\"async\" width=\"768\" height=\"1024\" src=\"https:\/\/expo.rosalis.bibliotheque.toulouse.fr\/clic-clac\/wp-content\/uploads\/sites\/5\/2021\/05\/IMG20210416113144-768x1024.jpg\" alt=\"\" data-id=\"3494\" data-link=\"https:\/\/expo.rosalis.bibliotheque.toulouse.fr\/clic-clac\/ressources-medias\/galerie-photos\/img20210416113144\/\" class=\"wp-image-3494\" srcset=\"https:\/\/expo.rosalis.bibliotheque.toulouse.fr\/clic-clac\/wp-content\/uploads\/sites\/5\/2021\/05\/IMG20210416113144-768x1024.jpg 768w, https:\/\/expo.rosalis.bibliotheque.toulouse.fr\/clic-clac\/wp-content\/uploads\/sites\/5\/2021\/05\/IMG20210416113144-225x300.jpg 225w, https:\/\/expo.rosalis.bibliotheque.toulouse.fr\/clic-clac\/wp-content\/uploads\/sites\/5\/2021\/05\/IMG20210416113144-1152x1536.jpg 1152w, https:\/\/expo.rosalis.bibliotheque.toulouse.fr\/clic-clac\/wp-content\/uploads\/sites\/5\/2021\/05\/IMG20210416113144-1536x2048.jpg 1536w, https:\/\/expo.rosalis.bibliotheque.toulouse.fr\/clic-clac\/wp-content\/uploads\/sites\/5\/2021\/05\/IMG20210416113144-1400x1867.jpg 1400w, https:\/\/expo.rosalis.bibliotheque.toulouse.fr\/clic-clac\/wp-content\/uploads\/sites\/5\/2021\/05\/IMG20210416113144-scaled.jpg 1920w\" sizes=\"auto, (max-width: 768px) 100vw, 768px\" \/><\/figure><\/li><li class=\"blocks-gallery-item\"><figure><img loading=\"lazy\" decoding=\"async\" width=\"1024\" height=\"890\" src=\"https:\/\/expo.rosalis.bibliotheque.toulouse.fr\/clic-clac\/wp-content\/uploads\/sites\/5\/2021\/05\/IMG_20210515_154417-1-1024x890.jpg\" alt=\"\" data-id=\"3495\" data-full-url=\"https:\/\/expo.rosalis.bibliotheque.toulouse.fr\/clic-clac\/wp-content\/uploads\/sites\/5\/2021\/05\/IMG_20210515_154417-1.jpg\" data-link=\"https:\/\/expo.rosalis.bibliotheque.toulouse.fr\/clic-clac\/ressources-medias\/galerie-photos\/img_20210515_154417-1\/\" class=\"wp-image-3495\" srcset=\"https:\/\/expo.rosalis.bibliotheque.toulouse.fr\/clic-clac\/wp-content\/uploads\/sites\/5\/2021\/05\/IMG_20210515_154417-1-1024x890.jpg 1024w, https:\/\/expo.rosalis.bibliotheque.toulouse.fr\/clic-clac\/wp-content\/uploads\/sites\/5\/2021\/05\/IMG_20210515_154417-1-300x261.jpg 300w, https:\/\/expo.rosalis.bibliotheque.toulouse.fr\/clic-clac\/wp-content\/uploads\/sites\/5\/2021\/05\/IMG_20210515_154417-1-768x668.jpg 768w, https:\/\/expo.rosalis.bibliotheque.toulouse.fr\/clic-clac\/wp-content\/uploads\/sites\/5\/2021\/05\/IMG_20210515_154417-1-1536x1335.jpg 1536w, https:\/\/expo.rosalis.bibliotheque.toulouse.fr\/clic-clac\/wp-content\/uploads\/sites\/5\/2021\/05\/IMG_20210515_154417-1-2048x1781.jpg 2048w, https:\/\/expo.rosalis.bibliotheque.toulouse.fr\/clic-clac\/wp-content\/uploads\/sites\/5\/2021\/05\/IMG_20210515_154417-1-1400x1217.jpg 1400w\" sizes=\"auto, (max-width: 1024px) 100vw, 1024px\" \/><\/figure><\/li><\/ul><\/figure>\n<\/div><\/div>\n        <\/div>\n    <\/div>\n    <div class=\"row\">\n        <div class=\"col-12 offset-0 col-lg-8 offset-lg-2 col-xl-6 offset-xl-3\">","protected":false},"excerpt":{"rendered":"<p>\u00ab\u00a0Clic Clac, la photographie dans la litt\u00e9rature jeunesse\u00a0\u00bb Exposition M\u00e9diath\u00e8que Jos\u00e9 Cabanis, 16 mars -19 septembre 2021 \u00ab\u00a0Photographie et livre jeunesse de Fran\u00e7ois Delebecque\u00a0\u00bb Exposition \u00e0 la biblioth\u00e8que de Duranti, 18 mars &#8211; 26 juin 2021 \u00ab\u00a0En chemin de Dani\u00e8le Boucon\u00a0\u00bb Exposition \u00e0 la M\u00e9diath\u00e8que des Minimes, 27 avril &#8211; 3 juillet 2021 \u00ab\u00a0La photo [&hellip;]<\/p>\n","protected":false},"author":4,"featured_media":0,"parent":849,"menu_order":7,"comment_status":"closed","ping_status":"closed","template":"","meta":{"footnotes":""},"class_list":["post-855","page","type-page","status-publish","hentry"],"_links":{"self":[{"href":"https:\/\/expo.rosalis.bibliotheque.toulouse.fr\/clic-clac\/wp-json\/wp\/v2\/pages\/855","targetHints":{"allow":["GET"]}}],"collection":[{"href":"https:\/\/expo.rosalis.bibliotheque.toulouse.fr\/clic-clac\/wp-json\/wp\/v2\/pages"}],"about":[{"href":"https:\/\/expo.rosalis.bibliotheque.toulouse.fr\/clic-clac\/wp-json\/wp\/v2\/types\/page"}],"author":[{"embeddable":true,"href":"https:\/\/expo.rosalis.bibliotheque.toulouse.fr\/clic-clac\/wp-json\/wp\/v2\/users\/4"}],"replies":[{"embeddable":true,"href":"https:\/\/expo.rosalis.bibliotheque.toulouse.fr\/clic-clac\/wp-json\/wp\/v2\/comments?post=855"}],"version-history":[{"count":51,"href":"https:\/\/expo.rosalis.bibliotheque.toulouse.fr\/clic-clac\/wp-json\/wp\/v2\/pages\/855\/revisions"}],"predecessor-version":[{"id":3910,"href":"https:\/\/expo.rosalis.bibliotheque.toulouse.fr\/clic-clac\/wp-json\/wp\/v2\/pages\/855\/revisions\/3910"}],"up":[{"embeddable":true,"href":"https:\/\/expo.rosalis.bibliotheque.toulouse.fr\/clic-clac\/wp-json\/wp\/v2\/pages\/849"}],"wp:attachment":[{"href":"https:\/\/expo.rosalis.bibliotheque.toulouse.fr\/clic-clac\/wp-json\/wp\/v2\/media?parent=855"}],"curies":[{"name":"wp","href":"https:\/\/api.w.org\/{rel}","templated":true}]}}