{"id":303,"date":"2021-03-16T16:33:19","date_gmt":"2021-03-16T15:33:19","guid":{"rendered":"https:\/\/expo.rosalis.bibliotheque.toulouse.fr\/clic-clac\/?page_id=303"},"modified":"2021-05-27T16:56:53","modified_gmt":"2021-05-27T14:56:53","slug":"espace-pedagogique","status":"publish","type":"page","link":"https:\/\/expo.rosalis.bibliotheque.toulouse.fr\/clic-clac\/espace-pedagogique\/","title":{"rendered":"Espace p\u00e9dagogique"},"content":{"rendered":"\n<h2 class=\"wp-block-heading\"><strong>Pr\u00e9sentation<\/strong><\/h2>\n\n\n\n<div style=\"height:50px\" aria-hidden=\"true\" class=\"wp-block-spacer\"><\/div>\n\n\n\n<div class=\"wp-block-expo-extract\"><p class=\"extract_title colored\"><\/p><p class=\"extract_content\">Cet espace est destin\u00e9 \u00e0 accompagner les <strong>enseignants des cycles 1, 2 et 3<\/strong> dans la d\u00e9couverte de <strong>l&rsquo;exposition<\/strong> <em>\u00ab\u00a0Clic clac, la photographie dans la litt\u00e9rature jeunesse\u00a0\u00bb<\/em>. Situ\u00e9e \u00e0 la M\u00e9diath\u00e8que Jos\u00e9 Cabanis de Toulouse jusqu&rsquo;au 19 septembre 2021, cette exposition trouve \u00e9cho dans le volet virtuel cr\u00e9\u00e9 \u00e0 cette occasion.<br><br>Trois espaces ont \u00e9t\u00e9 cr\u00e9\u00e9s pour chacun des 3 cycles afin de proposer des <strong>pistes d&rsquo;exploitation en classe<\/strong> adapt\u00e9es aux Programmes scolaires de chacun. N\u00e9anmoins, les activit\u00e9s propos\u00e9es pour un cycle sont bien s\u00fbr transf\u00e9rables dans un autre cycle apr\u00e8s quelques ajustements. Alors, n&rsquo;h\u00e9sitez pas \u00e0 visiter les 3 espaces quel que soit votre cycle.<\/p><\/div>\n\n\n\n<div style=\"height:45px\" aria-hidden=\"true\" class=\"wp-block-spacer\"><\/div>\n\n\n\n<hr class=\"wp-block-separator\"\/>\n\n\n\n<h2 class=\"has-text-align-left wp-block-heading\"><strong>La photolitt\u00e9rature pour enfant : des rep\u00e8res historiques<\/strong><\/h2>\n\n\n\n<div style=\"height:30px\" aria-hidden=\"true\" class=\"wp-block-spacer\"><\/div>\n\n\n\n<figure class=\"wp-block-video\"><video height=\"720\" style=\"aspect-ratio: 1280 \/ 720;\" width=\"1280\" controls poster=\"https:\/\/expo.rosalis.bibliotheque.toulouse.fr\/clic-clac\/wp-content\/uploads\/sites\/5\/2021\/05\/Capture-de\u0301cran-2021-05-27-a\u0300-16.32.29.png\" src=\"https:\/\/expo.rosalis.bibliotheque.toulouse.fr\/clic-clac\/wp-content\/uploads\/sites\/5\/2021\/05\/Repe\u0300res-historiques-photolitte\u0301rature-jeunesse-1.mp4\"><\/video><\/figure>\n\n\n\n<div style=\"height:60px\" aria-hidden=\"true\" class=\"wp-block-spacer\"><\/div>\n\n\n\n<hr class=\"wp-block-separator\"\/>\n\n\n\n<h2 class=\"has-text-align-left wp-block-heading\"><strong>D\u00e9couverte des 3 espaces p\u00e9dagogiques<\/strong><\/h2>\n\n\n\n<div style=\"height:49px\" aria-hidden=\"true\" class=\"wp-block-spacer\"><\/div>\n","protected":false},"excerpt":{"rendered":"<p>Pr\u00e9sentation La photolitt\u00e9rature pour enfant : des rep\u00e8res historiques D\u00e9couverte des 3 espaces p\u00e9dagogiques<\/p>\n","protected":false},"author":4,"featured_media":2035,"parent":0,"menu_order":8,"comment_status":"closed","ping_status":"closed","template":"","meta":{"footnotes":""},"class_list":["post-303","page","type-page","status-publish","has-post-thumbnail","hentry"],"_links":{"self":[{"href":"https:\/\/expo.rosalis.bibliotheque.toulouse.fr\/clic-clac\/wp-json\/wp\/v2\/pages\/303","targetHints":{"allow":["GET"]}}],"collection":[{"href":"https:\/\/expo.rosalis.bibliotheque.toulouse.fr\/clic-clac\/wp-json\/wp\/v2\/pages"}],"about":[{"href":"https:\/\/expo.rosalis.bibliotheque.toulouse.fr\/clic-clac\/wp-json\/wp\/v2\/types\/page"}],"author":[{"embeddable":true,"href":"https:\/\/expo.rosalis.bibliotheque.toulouse.fr\/clic-clac\/wp-json\/wp\/v2\/users\/4"}],"replies":[{"embeddable":true,"href":"https:\/\/expo.rosalis.bibliotheque.toulouse.fr\/clic-clac\/wp-json\/wp\/v2\/comments?post=303"}],"version-history":[{"count":131,"href":"https:\/\/expo.rosalis.bibliotheque.toulouse.fr\/clic-clac\/wp-json\/wp\/v2\/pages\/303\/revisions"}],"predecessor-version":[{"id":3834,"href":"https:\/\/expo.rosalis.bibliotheque.toulouse.fr\/clic-clac\/wp-json\/wp\/v2\/pages\/303\/revisions\/3834"}],"wp:featuredmedia":[{"embeddable":true,"href":"https:\/\/expo.rosalis.bibliotheque.toulouse.fr\/clic-clac\/wp-json\/wp\/v2\/media\/2035"}],"wp:attachment":[{"href":"https:\/\/expo.rosalis.bibliotheque.toulouse.fr\/clic-clac\/wp-json\/wp\/v2\/media?parent=303"}],"curies":[{"name":"wp","href":"https:\/\/api.w.org\/{rel}","templated":true}]}}