{"id":136,"date":"2021-03-07T18:52:52","date_gmt":"2021-03-07T17:52:52","guid":{"rendered":"https:\/\/expo.rosalis.bibliotheque.toulouse.fr\/clic-clac\/?post_type=chapitre&#038;p=136"},"modified":"2021-05-19T15:00:17","modified_gmt":"2021-05-19T13:00:17","slug":"reveler-le-monde-imagiers-abecedaires-2","status":"publish","type":"chapitre","link":"https:\/\/expo.rosalis.bibliotheque.toulouse.fr\/clic-clac\/chapitre\/reveler-le-monde-imagiers-abecedaires-2\/","title":{"rendered":"R\u00e9v\u00e9ler le monde : imagiers &#038; ab\u00e9c\u00e9daires"},"content":{"rendered":"\n<div class=\"wp-block-expo-extract\"><p class=\"extract_title colored\">En r\u00e9sum\u00e9<\/p><p class=\"extract_content\">Les ab\u00e9c\u00e9daires et imagiers, genres \u00e0 vis\u00e9e p\u00e9dagogique, permettent une repr\u00e9sentation du monde. Au fil du 20<sup>e<\/sup> si\u00e8cle, la photographie, comme restitution du r\u00e9el, d\u00e9passe le simple objectif informationnel ou p\u00e9dagogique. Elle concourt dans les albums pour les enfants \u00e0 une v\u00e9ritable \u00e9ducation du regard.<\/p><\/div>\n\n\n\n<h3 class=\"wp-block-heading\"><strong>Les premiers ab\u00e9c\u00e9daires et imagiers<\/strong><\/h3>\n\n\n\n<p class=\"has-drop-cap\">Au d\u00e9but du 20<sup>e<\/sup> si\u00e8cle, les genres de l\u2019ab\u00e9c\u00e9daire et de l\u2019imagier vont b\u00e9n\u00e9ficier de la modernit\u00e9 du medium au moment o\u00f9 les courants d\u2019\u00e9ducation nouvelle \u00e9mergent et bousculent l\u2019imagerie habituelle dans le livre pour enfants. <\/p>\n\n\n\n<p>L\u2019\u00e9dition pour la jeunesse \u00e9volue profond\u00e9ment en France dans les ann\u00e9es 1930. L\u2019album moderne pour enfants na\u00eet en 1931 avec l\u2019<em>Histoire de Babar<\/em> de Jean de Brunhoff ; Paul Faucher fait d\u00e9couvrir l\u2019illustration moderne des artistes russes avec sa collection du P\u00e8re Castor au sein des \u00e9ditions Flammarion. Il cr\u00e9e la collection \u00ab\u00a0<a rel=\"noreferrer noopener\" href=\"http:\/\/cnlj.bnf.fr\/sites\/default\/files\/revues_document_joint\/PUBLICATION_3958.pdf\" target=\"_blank\">Le montreur d&rsquo;images<\/a>\u00a0\u00bb initiant l&rsquo;utilisation de la photographie dans le documentaire\u2026 Fortement influenc\u00e9s par les mouvements d\u2019\u00e9ducation nouvelle, les \u00e9diteurs renouvellent le regard sur l\u2019enfant, son \u00e9ducation, et les images \u00e0 mettre \u00e0 sa disposition.<\/p>\n\n\n\n<div style=\"height:10px\" aria-hidden=\"true\" class=\"wp-block-spacer\"><\/div>\n\n\n\n<p>Le d\u00e9but du si\u00e8cle est aussi foisonnant du point de vue artistique. La photographie b\u00e9n\u00e9ficie des exp\u00e9rimentations et mouvements d\u2019avant-garde ; au mouvement du pictorialisme succ\u00e8de la Nouvelle Vision ; la nouvelle typographie s\u2019\u00e9panouit \u00e9galement dans les ann\u00e9es 1920. C\u2019est dans ce contexte que paraissent des imagiers et ab\u00e9c\u00e9daires de photographes qui proposent aux enfants un nouveau regard sur le monde.<\/p>\n\n\n\n<p>Aux \u00c9tats-Unis, l\u2019am\u00e9ricain Edward Steichen publie en 1930 <em>The First Picture Book, Everyday Things for Babies <\/em>\u00e0 la demande de sa fille Mary Steichen Calderone, qui souhaite proposer \u00e0 ses propres enfants des repr\u00e9sentations objectives d\u2019objets de leur quotidien. <a href=\"javascript:void(0)\" data-type=\"definition\" data-id=\"675\">Emmanuel Sougez<\/a>, l\u2019un des chefs de file de la photographie pure en France, publie en 1931 l\u2019imagier <strong><em>Regarde <\/em><\/strong>et en 1932 un ab\u00e9c\u00e9daire trilingue, <em><a href=\"https:\/\/revue-textimage.com\/04_a_la_lettre\/lavie1.html\" data-type=\"URL\" data-id=\"https:\/\/revue-textimage.com\/04_a_la_lettre\/lavie1.html\" target=\"_blank\" rel=\"noreferrer noopener\">Alphabet<\/a><\/em>.<\/p>\n\n\n\n<div class=\"wp-block-image\"><figure class=\"aligncenter size-large is-resized\"><img loading=\"lazy\" decoding=\"async\" src=\"https:\/\/expo.rosalis.bibliotheque.toulouse.fr\/clic-clac\/wp-content\/uploads\/sites\/5\/2021\/03\/AS21061_1246_0022-1024x971.jpg\" alt=\"\" class=\"wp-image-666\" width=\"367\" height=\"347\" srcset=\"https:\/\/expo.rosalis.bibliotheque.toulouse.fr\/clic-clac\/wp-content\/uploads\/sites\/5\/2021\/03\/AS21061_1246_0022-1024x971.jpg 1024w, https:\/\/expo.rosalis.bibliotheque.toulouse.fr\/clic-clac\/wp-content\/uploads\/sites\/5\/2021\/03\/AS21061_1246_0022-300x285.jpg 300w, https:\/\/expo.rosalis.bibliotheque.toulouse.fr\/clic-clac\/wp-content\/uploads\/sites\/5\/2021\/03\/AS21061_1246_0022-768x728.jpg 768w, https:\/\/expo.rosalis.bibliotheque.toulouse.fr\/clic-clac\/wp-content\/uploads\/sites\/5\/2021\/03\/AS21061_1246_0022-1536x1457.jpg 1536w, https:\/\/expo.rosalis.bibliotheque.toulouse.fr\/clic-clac\/wp-content\/uploads\/sites\/5\/2021\/03\/AS21061_1246_0022-2048x1942.jpg 2048w, https:\/\/expo.rosalis.bibliotheque.toulouse.fr\/clic-clac\/wp-content\/uploads\/sites\/5\/2021\/03\/AS21061_1246_0022-1400x1328.jpg 1400w\" sizes=\"auto, (max-width: 367px) 100vw, 367px\" \/><figcaption><em>Regarde !<\/em>, Emmanuel Sougez, H. Jonqui\u00e8res, 1931<\/figcaption><\/figure><\/div>\n\n\n\n<p><sup><em><strong>Regarde <\/strong>est un imagier r\u00e9solument moderne puisque illustr\u00e9 de photos r\u00e9alistes, en rupture avec la tradition graphique du genre de l\u2019\u00e9poque. Il offre 24 photos pleine page du quotidien de l\u2019enfant, accompagn\u00e9es d\u2019une courte phrase. Les vues d\u2019animaux, des objets de tous les jours ou des sc\u00e8nes d\u2019enfants sont ainsi d\u00e9clin\u00e9es au fil de l\u2019album. Le livre joue du cadrage avec ce format inhabituel carr\u00e9&nbsp;: la couverture est \u00e0 ce titre particuli\u00e8rement parlante avec ce gros plan resserr\u00e9 sur un visage de b\u00e9b\u00e9 : le lecteur est invit\u00e9 comme par mise en ab\u00eeme \u00e0 regarder l\u2019enfant qui regarde le titre&#8230; l\u2019invitant \u00e0 regarder.<\/em><\/sup><\/p>\n\n\n\n<div style=\"height:20px\" aria-hidden=\"true\" class=\"wp-block-spacer\"><\/div>\n\n\n\n<p>Une mode de l\u2019album photographique semble se d\u00e9velopper dans les ann\u00e9es 1930, puisque les \u00e9ditions Delagrave vont proposer \u00e0 l\u2019illustrateur <a href=\"javascript:void(0)\" data-type=\"definition\" data-id=\"677\">Pierre Portelette<\/a> de mettre en photos des ab\u00e9c\u00e9daires et des histoires. Sous le pseudonyme de Pierda, celui qui se consid\u00e8re \u00e0 partir de cette date comme photographe d\u2019illustration va proposer de nombreux albums photographiques, dont <strong><em>Alphabet <\/em><\/strong>(1933) construit \u00e0 partir des clich\u00e9s mettant en sc\u00e8ne ses enfants et <strong><em>L\u2019Alphabet de Dzim et Boum<\/em><\/strong> (1934), \u00e0 partir de mises en situation de petites poup\u00e9es. Ces livres s\u2019inscrivent dans une s\u00e9rie d\u2019albums photographiques luxueux puisque class\u00e9s dans la cat\u00e9gorie des livres d\u2019\u00e9trennes dans le catalogue des \u00e9ditions Delagrave.<\/p>\n\n\n\n<div class=\"wp-block-columns is-layout-flex wp-container-core-columns-is-layout-9d6595d7 wp-block-columns-is-layout-flex\">\n<div class=\"wp-block-column is-layout-flow wp-block-column-is-layout-flow\">\n<div class=\"wp-block-image\"><figure class=\"aligncenter size-large is-resized\"><img loading=\"lazy\" decoding=\"async\" src=\"https:\/\/expo.rosalis.bibliotheque.toulouse.fr\/clic-clac\/wp-content\/uploads\/sites\/5\/2021\/03\/AS21064_1716_0271-825x1024.jpg\" alt=\"\" class=\"wp-image-678\" width=\"314\" height=\"389\" srcset=\"https:\/\/expo.rosalis.bibliotheque.toulouse.fr\/clic-clac\/wp-content\/uploads\/sites\/5\/2021\/03\/AS21064_1716_0271-825x1024.jpg 825w, https:\/\/expo.rosalis.bibliotheque.toulouse.fr\/clic-clac\/wp-content\/uploads\/sites\/5\/2021\/03\/AS21064_1716_0271-242x300.jpg 242w, https:\/\/expo.rosalis.bibliotheque.toulouse.fr\/clic-clac\/wp-content\/uploads\/sites\/5\/2021\/03\/AS21064_1716_0271-768x953.jpg 768w, https:\/\/expo.rosalis.bibliotheque.toulouse.fr\/clic-clac\/wp-content\/uploads\/sites\/5\/2021\/03\/AS21064_1716_0271-1238x1536.jpg 1238w, https:\/\/expo.rosalis.bibliotheque.toulouse.fr\/clic-clac\/wp-content\/uploads\/sites\/5\/2021\/03\/AS21064_1716_0271-1650x2048.jpg 1650w, https:\/\/expo.rosalis.bibliotheque.toulouse.fr\/clic-clac\/wp-content\/uploads\/sites\/5\/2021\/03\/AS21064_1716_0271-1400x1738.jpg 1400w\" sizes=\"auto, (max-width: 314px) 100vw, 314px\" \/><figcaption><em>Alphabet<\/em>, Pierda, Delagrave, 1933<\/figcaption><\/figure><\/div>\n\n\n\n<p><\/p>\n<\/div>\n\n\n\n<div class=\"wp-block-column is-layout-flow wp-block-column-is-layout-flow\">\n<div class=\"wp-block-image\"><figure class=\"aligncenter size-large is-resized\"><img loading=\"lazy\" decoding=\"async\" src=\"https:\/\/expo.rosalis.bibliotheque.toulouse.fr\/clic-clac\/wp-content\/uploads\/sites\/5\/2021\/03\/AS21061_1236_0001-837x1024.jpg\" alt=\"\" class=\"wp-image-679\" width=\"318\" height=\"388\" srcset=\"https:\/\/expo.rosalis.bibliotheque.toulouse.fr\/clic-clac\/wp-content\/uploads\/sites\/5\/2021\/03\/AS21061_1236_0001-837x1024.jpg 837w, https:\/\/expo.rosalis.bibliotheque.toulouse.fr\/clic-clac\/wp-content\/uploads\/sites\/5\/2021\/03\/AS21061_1236_0001-245x300.jpg 245w, https:\/\/expo.rosalis.bibliotheque.toulouse.fr\/clic-clac\/wp-content\/uploads\/sites\/5\/2021\/03\/AS21061_1236_0001-768x940.jpg 768w, https:\/\/expo.rosalis.bibliotheque.toulouse.fr\/clic-clac\/wp-content\/uploads\/sites\/5\/2021\/03\/AS21061_1236_0001-1256x1536.jpg 1256w, https:\/\/expo.rosalis.bibliotheque.toulouse.fr\/clic-clac\/wp-content\/uploads\/sites\/5\/2021\/03\/AS21061_1236_0001-1674x2048.jpg 1674w, https:\/\/expo.rosalis.bibliotheque.toulouse.fr\/clic-clac\/wp-content\/uploads\/sites\/5\/2021\/03\/AS21061_1236_0001-1400x1713.jpg 1400w\" sizes=\"auto, (max-width: 318px) 100vw, 318px\" \/><figcaption><em>L&rsquo;alphabet de Dzim et Boum<\/em>, Pierda, Delagrave, 1934<\/figcaption><\/figure><\/div>\n<\/div>\n<\/div>\n\n\n\n<p><sup><strong><em>Alphabet<\/em> <\/strong>d\u00e9roule le s\u00e9jour des enfants dans leur maison de campagne en proposant des mises en sc\u00e8ne de mots du quotidien ainsi que des interpr\u00e9tations de notions plus abstraites. Pierda pratique la modification et recomposition de clich\u00e9s, comme en t\u00e9moigne la couverture, o\u00f9 l\u2019image des enfants lisant se r\u00e9p\u00e8te dans l&rsquo;image du livre qu&rsquo;ils tiennent en mains. Un an plus tard, le photographe r\u00e9investit le genre de l\u2019ab\u00e9c\u00e9daire en proposant cette fois-ci des mises en sc\u00e8ne de marionnettes dans des situations incongrues dans <strong><em>L&rsquo;Alphabet de Dzim et Boum<\/em><\/strong>. \u00c0 la lettre correspondent cette fois-ci un mot et une phrase illustr\u00e9s par le tableau photographique. Bien que l\u2019album ne d\u00e9roule pas un fil narratif, mais propose une juxtaposition de vues illustratives d\u2019un terme, l\u2019ab\u00e9c\u00e9daire se colore n\u00e9anmoins de fantaisie par l\u2019utilisation des poup\u00e9es. <\/sup><\/p>\n\n\n\n<div style=\"height:20px\" aria-hidden=\"true\" class=\"wp-block-spacer\"><\/div>\n\n\n\n<p>Les ab\u00e9c\u00e9daires et les imagiers sont en ce d\u00e9but du 20<sup>e<\/sup> si\u00e8cle les premiers genres investis par l\u2019illustration photographique. Ils s\u2019appuient sur une des caract\u00e9ristiques premi\u00e8res du medium&nbsp;: la capture d\u2019un temps arr\u00eat\u00e9, des instantan\u00e9s pouvant \u00eatre compatibles avec une succession de photographies sans lien entre elles.<\/p>\n\n\n\n<div style=\"height:30px\" aria-hidden=\"true\" class=\"wp-block-spacer\"><\/div>\n\n\n\n<h3 class=\"wp-block-heading\"><strong>P\u00e9dagogie, \u00e9dification et propagande<\/strong><\/h3>\n\n\n\n<div style=\"height:30px\" aria-hidden=\"true\" class=\"wp-block-spacer\"><\/div>\n\n\n\n<p class=\"has-drop-cap\">Ab\u00e9c\u00e9daires et imagiers ont une vis\u00e9e p\u00e9dagogique. Mais s\u2019ils servent \u00e0 entrer dans le monde de l\u2019\u00e9crit pour le premier, \u00e0 reconna\u00eetre et classer les images du monde pour le second, ils sont aussi le reflet de la soci\u00e9t\u00e9 dans lequel l\u2019enfant \u00e9volue. Ces premiers livres \u00e0 destination des plus jeunes transmettent \u00e0 ce titre des valeurs fid\u00e8les \u00e0 leur \u00e9poque.<\/p>\n\n\n\n<p>Pendant la Seconde Guerre mondiale par exemple, un ab\u00e9c\u00e9daire de propagande, l\u2019un des trois seuls publi\u00e9s sous le r\u00e9gime de Vichy, est \u00e9dit\u00e9 en 1943. Le livre pour enfant transmet ici une vision de la soci\u00e9t\u00e9 : il d\u00e9cline, page apr\u00e8s page, la figure de celui consid\u00e9r\u00e9 sous l\u2019Occupation comme le h\u00e9ros sauveur de la nation.<\/p>\n\n\n\n<div class=\"wp-block-columns is-layout-flex wp-container-core-columns-is-layout-9d6595d7 wp-block-columns-is-layout-flex\">\n<div class=\"wp-block-column is-layout-flow wp-block-column-is-layout-flow\" style=\"flex-basis:100%\">\n<div class=\"wp-block-image\"><figure class=\"aligncenter size-large is-resized\"><img loading=\"lazy\" decoding=\"async\" src=\"https:\/\/expo.rosalis.bibliotheque.toulouse.fr\/clic-clac\/wp-content\/uploads\/sites\/5\/2021\/03\/petain-1024x524.jpg\" alt=\"\" class=\"wp-image-691\" width=\"656\" height=\"335\" srcset=\"https:\/\/expo.rosalis.bibliotheque.toulouse.fr\/clic-clac\/wp-content\/uploads\/sites\/5\/2021\/03\/petain-1024x524.jpg 1024w, https:\/\/expo.rosalis.bibliotheque.toulouse.fr\/clic-clac\/wp-content\/uploads\/sites\/5\/2021\/03\/petain-300x154.jpg 300w, https:\/\/expo.rosalis.bibliotheque.toulouse.fr\/clic-clac\/wp-content\/uploads\/sites\/5\/2021\/03\/petain-768x393.jpg 768w, https:\/\/expo.rosalis.bibliotheque.toulouse.fr\/clic-clac\/wp-content\/uploads\/sites\/5\/2021\/03\/petain-1536x786.jpg 1536w, https:\/\/expo.rosalis.bibliotheque.toulouse.fr\/clic-clac\/wp-content\/uploads\/sites\/5\/2021\/03\/petain-1400x716.jpg 1400w, https:\/\/expo.rosalis.bibliotheque.toulouse.fr\/clic-clac\/wp-content\/uploads\/sites\/5\/2021\/03\/petain.jpg 1872w\" sizes=\"auto, (max-width: 656px) 100vw, 656px\" \/><figcaption><em><a rel=\"noreferrer noopener\" href=\"https:\/\/gallica.bnf.fr\/ark:\/12148\/btv1b10508534q\" data-type=\"URL\" data-id=\"https:\/\/gallica.bnf.fr\/ark:\/12148\/btv1b10508534q\" target=\"_blank\">Ab\u00e9c\u00e9daire [du Mar\u00e9chal P\u00e9tain]<\/a><\/em>, Bureau de Documentation du Chef de l\u2019\u00c9tat,1943<\/figcaption><\/figure><\/div>\n<\/div>\n<\/div>\n\n\n\n<p>D\u2019autres ab\u00e9c\u00e9daires publi\u00e9s au cours du 20<sup>e<\/sup> si\u00e8cle vont \u0153uvrer pour l\u2019\u00e9dification des enfants, se faire le reflet du regard que leur portent les adultes mais aussi des \u00e9volutions des m\u0153urs et de la soci\u00e9t\u00e9. En 1960 par exemple, les \u00e9ditions sociales fran\u00e7aises publient un ouvrage pionnier en mati\u00e8re de pr\u00e9vention routi\u00e8re, l\u2019<strong><em>ABC de la route<\/em><\/strong> d\u2019Annie Fournier et Robert le Pajolec. L\u2019album \u00e0 vis\u00e9e p\u00e9dagogique, destin\u00e9 \u00e0 \u00eatre utilis\u00e9 dans les \u00e9coles, t\u00e9moigne de la place de plus en plus importante qu\u2019occupe la voiture, transport individuel et \u00e9mancipateur, au sein des familles.<\/p>\n\n\n\n<div class=\"wp-block-image\"><figure class=\"aligncenter size-large is-resized\"><img loading=\"lazy\" decoding=\"async\" src=\"https:\/\/expo.rosalis.bibliotheque.toulouse.fr\/clic-clac\/wp-content\/uploads\/sites\/5\/2021\/03\/abc-de-la-route-1-817x1024.jpg\" alt=\"\" class=\"wp-image-696\" width=\"368\" height=\"461\" srcset=\"https:\/\/expo.rosalis.bibliotheque.toulouse.fr\/clic-clac\/wp-content\/uploads\/sites\/5\/2021\/03\/abc-de-la-route-1-817x1024.jpg 817w, https:\/\/expo.rosalis.bibliotheque.toulouse.fr\/clic-clac\/wp-content\/uploads\/sites\/5\/2021\/03\/abc-de-la-route-1-239x300.jpg 239w, https:\/\/expo.rosalis.bibliotheque.toulouse.fr\/clic-clac\/wp-content\/uploads\/sites\/5\/2021\/03\/abc-de-la-route-1-768x963.jpg 768w, https:\/\/expo.rosalis.bibliotheque.toulouse.fr\/clic-clac\/wp-content\/uploads\/sites\/5\/2021\/03\/abc-de-la-route-1-1225x1536.jpg 1225w, https:\/\/expo.rosalis.bibliotheque.toulouse.fr\/clic-clac\/wp-content\/uploads\/sites\/5\/2021\/03\/abc-de-la-route-1-1633x2048.jpg 1633w, https:\/\/expo.rosalis.bibliotheque.toulouse.fr\/clic-clac\/wp-content\/uploads\/sites\/5\/2021\/03\/abc-de-la-route-1-1400x1756.jpg 1400w, https:\/\/expo.rosalis.bibliotheque.toulouse.fr\/clic-clac\/wp-content\/uploads\/sites\/5\/2021\/03\/abc-de-la-route-1.jpg 1957w\" sizes=\"auto, (max-width: 368px) 100vw, 368px\" \/><figcaption><em>ABC de la route<\/em>, Annie Fournier, Robert le Pajolec, \u00c9ditions sociales fran\u00e7aises, 1960<\/figcaption><\/figure><\/div>\n\n\n\n<p>Les ann\u00e9es 1970, marqu\u00e9es par les mutations profondes de la soci\u00e9t\u00e9 fran\u00e7aise, voient l\u2019\u00e9dition jeunesse \u00e9galement \u00e9voluer. En 1979, <strong>\u00ab&nbsp;Animagier&nbsp;\u00bb<\/strong>, collection dirig\u00e9e par Fran\u00e7ois Ruy-Vidal, un des \u00e9diteurs ayant initi\u00e9 une r\u00e9volution dans les th\u00e8mes et le traitement graphique des albums, propose une d\u00e9couverte du monde \u00e0 travers un m\u00e9lange de repr\u00e9sentations graphiques, illustrations et photographies. Au fil des images de <em>Au berceau<\/em> par exemple, c\u2019est une nouvelle identit\u00e9 de la famille qui se dessine. On y voit la figure paternelle impliqu\u00e9e dans l\u2019\u00e9ducation du tout-petit.<\/p>\n\n\n\n<div style=\"height:30px\" aria-hidden=\"true\" class=\"wp-block-spacer\"><\/div>\n\n\n\n<h3 class=\"wp-block-heading\"><strong>Reconna\u00eetre, nommer, classer&#8230; et apprendre \u00e0 regarder<\/strong><\/h3>\n\n\n\n<div style=\"height:15px\" aria-hidden=\"true\" class=\"wp-block-spacer\"><\/div>\n\n\n\n<p class=\"has-drop-cap\">Les imagiers invitent \u00e0 reconna\u00eetre, classer, associer par l\u2019observation et le jeu. \u00c0 la simple fonction indicielle du genre s\u2019ajoute, dans les imagiers plus r\u00e9cents, une v\u00e9ritable \u00e9ducation du regard.<br>C\u2019est <a href=\"javascript:void(0)\" data-type=\"definition\" data-id=\"687\">Tana Hoban<\/a> qui va bouleverser le genre en France. Cette photographe am\u00e9ricaine est active d\u00e8s les ann\u00e9es 1970 aux \u00c9tats-Unis dans le domaine de l\u2019imagier. Mais les jeunes lecteurs fran\u00e7ais ne d\u00e9couvrent son univers qu\u2019\u00e0 partir des ann\u00e9es 1990 gr\u00e2ce aux \u00e9ditions Kal\u00e9idoscope. Elle ouvre ainsi la voie \u00e0 l\u2019utilisation du medium dans des imagiers offrant un regard artistique sur les objets familiers et l\u2019environnement urbain dans lequel \u00e9voluent des enfants\u2026 Aux objectifs du genre s&rsquo;ajoute une plus-value esth\u00e9tique et ludique.<\/p>\n\n\n\n<div class=\"wp-block-image\"><figure class=\"aligncenter size-large is-resized\"><img loading=\"lazy\" decoding=\"async\" src=\"https:\/\/expo.rosalis.bibliotheque.toulouse.fr\/clic-clac\/wp-content\/uploads\/sites\/5\/2021\/03\/exactement-le-contraire-dble-page-2-2-1024x417.jpeg\" alt=\"\" class=\"wp-image-490\" width=\"746\" height=\"303\" srcset=\"https:\/\/expo.rosalis.bibliotheque.toulouse.fr\/clic-clac\/wp-content\/uploads\/sites\/5\/2021\/03\/exactement-le-contraire-dble-page-2-2-1024x417.jpeg 1024w, https:\/\/expo.rosalis.bibliotheque.toulouse.fr\/clic-clac\/wp-content\/uploads\/sites\/5\/2021\/03\/exactement-le-contraire-dble-page-2-2-300x122.jpeg 300w, https:\/\/expo.rosalis.bibliotheque.toulouse.fr\/clic-clac\/wp-content\/uploads\/sites\/5\/2021\/03\/exactement-le-contraire-dble-page-2-2-768x313.jpeg 768w, https:\/\/expo.rosalis.bibliotheque.toulouse.fr\/clic-clac\/wp-content\/uploads\/sites\/5\/2021\/03\/exactement-le-contraire-dble-page-2-2-1536x626.jpeg 1536w, https:\/\/expo.rosalis.bibliotheque.toulouse.fr\/clic-clac\/wp-content\/uploads\/sites\/5\/2021\/03\/exactement-le-contraire-dble-page-2-2-2048x835.jpeg 2048w, https:\/\/expo.rosalis.bibliotheque.toulouse.fr\/clic-clac\/wp-content\/uploads\/sites\/5\/2021\/03\/exactement-le-contraire-dble-page-2-2-1400x571.jpeg 1400w\" sizes=\"auto, (max-width: 746px) 100vw, 746px\" \/><figcaption><em>Exactement le contraire<\/em>, Tana Hoban, Kal\u00e9idoscope, 2002. <br>Exactly the Opposite, by Tana Hoban. Copyright \u00a9 1990 by Tana Hoban. Used by permission of HarperCollins Publishers.<\/figcaption><\/figure><\/div>\n\n\n\n<p><\/p>\n\n\n\n<p><sup><em>Dans l&rsquo;imagier <strong>Exactement le contraire<\/strong>, il ne s\u2019agit pas seulement d\u2019observer et de reconna\u00eetre les \u00e9l\u00e9ments de la photographie. Les enfants exp\u00e9rimentent dans la succession des doubles-pages les notions de l&rsquo;avant et de l\u2019apr\u00e8s, de l&rsquo;ellipse temporelle entre les images, ils sont interpell\u00e9s par les actions qu&rsquo;\u00e9voquent implicitement les photos\u2026 Ainsi en aiguisant leur regard, cet album et les imagiers de Tana Hoban en g\u00e9n\u00e9ral permettent, au-del\u00e0 du simple nominalisme, d&rsquo;appr\u00e9hender les notions plus complexes de temps, de narrativit\u00e9, de correspondances\u2026<\/em><\/sup><\/p>\n\n\n\n<div style=\"height:15px\" aria-hidden=\"true\" class=\"wp-block-spacer\"><\/div>\n\n\n\n<p>En 1999, les \u00e9ditions Thierry Magnier publient <em><strong>Tout un monde<\/strong> <\/em>de Katy Couprie et Antonin Louchard, un imagier audacieux \u00e0 plus d\u2019un titre. S\u2019il reprend le m\u00e9lange de techniques d\u00e9j\u00e0 \u00e0 l\u2019\u0153uvre dans la collection \u00ab\u00a0Animagier\u00a0\u00bb aux \u00e9ditions de l\u2019Amiti\u00e9, il ajoute \u00e0 un foisonnement graphique plus important (gravure, peinture, dessin, photographie, image num\u00e9rique\u2026), un fil de correspondances entre les repr\u00e9sentations. \u00c0 la mani\u00e8re d\u2019un \u00ab\u00a0marabout de ficelle\u00a0\u00bb, chaque image issue du quotidien de l\u2019enfant rec\u00e8le des associations possibles d\u2019une page \u00e0 l\u2019autre. Le tout-petit peut ainsi se construire son propre parcours dans le livre. L\u2019ouvrage pose que la r\u00e9alit\u00e9 est multiple et appr\u00e9hendable de mille et une mani\u00e8res.<\/p>\n\n\n\n<div class=\"wp-block-image\"><figure class=\"aligncenter size-large is-resized\"><img loading=\"lazy\" decoding=\"async\" src=\"https:\/\/expo.rosalis.bibliotheque.toulouse.fr\/clic-clac\/wp-content\/uploads\/sites\/5\/2021\/03\/A-table-MP-1024x527.jpeg\" alt=\"\" class=\"wp-image-462\" width=\"573\" height=\"295\" srcset=\"https:\/\/expo.rosalis.bibliotheque.toulouse.fr\/clic-clac\/wp-content\/uploads\/sites\/5\/2021\/03\/A-table-MP-1024x527.jpeg 1024w, https:\/\/expo.rosalis.bibliotheque.toulouse.fr\/clic-clac\/wp-content\/uploads\/sites\/5\/2021\/03\/A-table-MP-300x154.jpeg 300w, https:\/\/expo.rosalis.bibliotheque.toulouse.fr\/clic-clac\/wp-content\/uploads\/sites\/5\/2021\/03\/A-table-MP-768x395.jpeg 768w, https:\/\/expo.rosalis.bibliotheque.toulouse.fr\/clic-clac\/wp-content\/uploads\/sites\/5\/2021\/03\/A-table-MP-1536x790.jpeg 1536w, https:\/\/expo.rosalis.bibliotheque.toulouse.fr\/clic-clac\/wp-content\/uploads\/sites\/5\/2021\/03\/A-table-MP-2048x1054.jpeg 2048w, https:\/\/expo.rosalis.bibliotheque.toulouse.fr\/clic-clac\/wp-content\/uploads\/sites\/5\/2021\/03\/A-table-MP-1400x720.jpeg 1400w\" sizes=\"auto, (max-width: 573px) 100vw, 573px\" \/><figcaption><em>\u00c0 table !<\/em>, Katy Couprie, Antonin Louchard, \u00a9 Editions Thierry Magnier, 2008, 2019<\/figcaption><\/figure><\/div>\n\n\n\n<p><sup>Le proc\u00e9d\u00e9 utilis\u00e9 par les auteurs, Antonin Louchard et Katy Couprie, dans <em>Tout un monde<\/em> est repris neuf ans plus tard dans <em>\u00c0 table&nbsp;!,<\/em> imagier autour de la nourriture et des repas, \u00e9l\u00e9ments importants dans la vie de l\u2019enfant. Sur la double page pr\u00e9sent\u00e9e, le m\u00e9lange de techniques dans la page de droite relie la vision habituelle du poisson pan\u00e9 \u00e0 sa r\u00e9alit\u00e9 animale. La reconstruction du r\u00e9el se fait \u00e0 la fois dans la cr\u00e9ation graphique m\u00eal\u00e9e \u00e0 la photo qui redonne corps au poisson et par la mise en correspondance avec une photographie r\u00e9aliste sur la page de gauche.<\/sup><\/p>\n\n\n\n<p>L\u2019imagier devient \u00e9galement un espace ludique qui sollicite activement le regard du lecteur. En 2013, Maria Jalibert, photographe d\u2019origine castraise form\u00e9e aux Beaux-Arts de Toulouse, nous offre dans son imagier <strong><em>Bric-\u00e0-brac<\/em><\/strong> une plong\u00e9e dans un coffre \u00e0 jouets. Mais au d\u00e9sordre attendu par l&rsquo;accumulation des jouets miniatures se substituent au fil des pages des jeux de combinaisons. L\u2019ordonnancement du monde se fait ici avec les objets familiers et supports d\u2019imaginaire de l\u2019enfant. La mise en page, le cadrage des objets et la typographie font sens de concert.<\/p>\n\n\n\n<div class=\"wp-block-image\"><figure class=\"aligncenter size-large is-resized\"><img loading=\"lazy\" decoding=\"async\" src=\"https:\/\/expo.rosalis.bibliotheque.toulouse.fr\/clic-clac\/wp-content\/uploads\/sites\/5\/2021\/03\/bric-a-brac-9782278070626_0.jpg\" alt=\"\" class=\"wp-image-688\" width=\"410\" height=\"410\"\/><figcaption><em>Bric-\u00e0-brac<\/em>, Maria Jalibert, Didier jeunesse, 2013<\/figcaption><\/figure><\/div>\n\n\n\n<div style=\"height:30px\" aria-hidden=\"true\" class=\"wp-block-spacer\"><\/div>\n\n\n\n<h3 class=\"wp-block-heading\"><strong>Le livre pour enfants comme acc\u00e8s \u00e0 l\u2019art photographique<\/strong><\/h3>\n\n\n\n<div style=\"height:30px\" aria-hidden=\"true\" class=\"wp-block-spacer\"><\/div>\n\n\n\n<p class=\"has-drop-cap\">L\u2019ab\u00e9c\u00e9daire et l\u2019imagier permettent \u00e9galement de sensibiliser les enfants \u00e0 l\u2019esth\u00e9tique et \u00e0 la po\u00e9sie des univers de photographes.<\/p>\n\n\n\n<p>La reconnaissance de la photographie comme art \u00e0 part enti\u00e8re est initi\u00e9e en 1995 avec la publication de l\u2019ab\u00e9c\u00e9daire <strong><em>Album<\/em><\/strong>, con\u00e7u par l\u2019auteur illustrateur pour la jeunesse Gr\u00e9goire Solotareff et le photographe historien et critique Gabriel Bauret. V\u00e9ritable livre d\u2019artiste, l\u2019ouvrage dresse un panorama de photographes contemporains du 20<sup>e<\/sup> si\u00e8cle.<\/p>\n\n\n\n<div class=\"wp-block-image\"><figure class=\"aligncenter size-large\"><img loading=\"lazy\" decoding=\"async\" width=\"345\" height=\"333\" src=\"https:\/\/expo.rosalis.bibliotheque.toulouse.fr\/clic-clac\/wp-content\/uploads\/sites\/5\/2021\/03\/REVELER-LE-MONDE-Album-solotareff-1.jpg\" alt=\"\" class=\"wp-image-698\" srcset=\"https:\/\/expo.rosalis.bibliotheque.toulouse.fr\/clic-clac\/wp-content\/uploads\/sites\/5\/2021\/03\/REVELER-LE-MONDE-Album-solotareff-1.jpg 345w, https:\/\/expo.rosalis.bibliotheque.toulouse.fr\/clic-clac\/wp-content\/uploads\/sites\/5\/2021\/03\/REVELER-LE-MONDE-Album-solotareff-1-300x290.jpg 300w\" sizes=\"auto, (max-width: 345px) 100vw, 345px\" \/><figcaption><em>Album<strong>, <\/strong><\/em>photographies choisies par Gabriel Bauret et Gr\u00e9goire Solotareff, \u00c9ditions L&rsquo;\u00e9cole des loisirs, 1995<\/figcaption><\/figure><\/div>\n\n\n\n<p>Des artistes photographes d\u00e9veloppent aujourd\u2019hui des univers artistiques d\u2019une grande coh\u00e9rence dans le domaine de l\u2019\u00e9dition pour la jeunesse. C\u2019est le cas de la photographe fran\u00e7aise <a href=\"javascript:void(0)\" data-type=\"definition\" data-id=\"1340\">Claire D\u00e9<\/a>, qui poursuit ses exp\u00e9rimentations plastiques et photographiques dans le livre. La nature, les couleurs, les formes sont au c\u0153ur de ses albums depuis la publication de son imagier <em><strong>Ouvre les yeux<\/strong><\/em>, qui a permis une reconnaissance de l\u2019univers sensible de la photographe plasticienne.<\/p>\n\n\n\n<div class=\"wp-block-image\"><figure class=\"aligncenter size-large is-resized\"><img loading=\"lazy\" decoding=\"async\" src=\"https:\/\/expo.rosalis.bibliotheque.toulouse.fr\/clic-clac\/wp-content\/uploads\/sites\/5\/2021\/03\/REVELER-LE-MONDE-Claire-De-1-1-1024x768.jpg\" alt=\"\" class=\"wp-image-172\" width=\"511\" height=\"383\" srcset=\"https:\/\/expo.rosalis.bibliotheque.toulouse.fr\/clic-clac\/wp-content\/uploads\/sites\/5\/2021\/03\/REVELER-LE-MONDE-Claire-De-1-1-1024x768.jpg 1024w, https:\/\/expo.rosalis.bibliotheque.toulouse.fr\/clic-clac\/wp-content\/uploads\/sites\/5\/2021\/03\/REVELER-LE-MONDE-Claire-De-1-1-300x225.jpg 300w, https:\/\/expo.rosalis.bibliotheque.toulouse.fr\/clic-clac\/wp-content\/uploads\/sites\/5\/2021\/03\/REVELER-LE-MONDE-Claire-De-1-1-768x576.jpg 768w, https:\/\/expo.rosalis.bibliotheque.toulouse.fr\/clic-clac\/wp-content\/uploads\/sites\/5\/2021\/03\/REVELER-LE-MONDE-Claire-De-1-1-1536x1152.jpg 1536w, https:\/\/expo.rosalis.bibliotheque.toulouse.fr\/clic-clac\/wp-content\/uploads\/sites\/5\/2021\/03\/REVELER-LE-MONDE-Claire-De-1-1-2048x1536.jpg 2048w, https:\/\/expo.rosalis.bibliotheque.toulouse.fr\/clic-clac\/wp-content\/uploads\/sites\/5\/2021\/03\/REVELER-LE-MONDE-Claire-De-1-1-1400x1050.jpg 1400w\" sizes=\"auto, (max-width: 511px) 100vw, 511px\" \/><figcaption><em>Ouvre les yeux<\/em>, Claire D\u00e9, Panama, 2006<\/figcaption><\/figure><\/div>\n\n\n\n<p><sup><em>Dans <\/em><strong>Ouvre les yeux<\/strong><em>, l\u2019auteure invite les jeunes enfants \u00e0 une balade photographique pleine de surprises et de po\u00e9sie, entre r\u00e9el et fantastique. Les jeux de couleurs, d\u2019\u00e9l\u00e9ments de nature, d\u2019\u00e9quilibre entre espaces vides et pleins sollicitent le regard curieux du tout-petit. Cet album, command\u00e9 et offert aux b\u00e9b\u00e9s par le Conseil G\u00e9n\u00e9ral du Val-de-Marne en 2007, a re\u00e7u une reconnaissance publique m\u00e9rit\u00e9e et s\u2019est vu attribuer le prix Sorci\u00e8res dans la cat\u00e9gorie album pour tout-petits en 2008.<\/em><\/sup><\/p>\n\n\n\n<p>\u00c0 partir de la fin des ann\u00e9es 1990, la photographie est un medium fr\u00e9quemment utilis\u00e9 dans les imagiers et ab\u00e9c\u00e9daires. Ces genres ne s&rsquo;envisagent cependant plus uniquement comme des compilations de vues r\u00e9alistes mais ils se r\u00e9v\u00e8lent comme des espaces o\u00f9 les photographes invitent les enfants par l\u2019observation, le jeu et l\u2019imaginaire \u00e0 aiguiser leur regard pour s\u2019approprier le monde autour d\u2019eux.<\/p>\n\n\n\n<figure class=\"wp-block-video aligncenter\"><video height=\"720\" style=\"aspect-ratio: 1280 \/ 720;\" width=\"1280\" controls src=\"https:\/\/expo.rosalis.bibliotheque.toulouse.fr\/clic-clac\/wp-content\/uploads\/sites\/5\/2021\/04\/Diaporama-imagiers-wordpress.mp4\"><\/video><\/figure>\n\n\n\n<div style=\"height:72px\" aria-hidden=\"true\" class=\"wp-block-spacer\"><\/div>\n\n\n\n<p><\/p>\n<div class=\"definition_placeholder\" data-id=\"675\" data-title=\"Emmanuel Sougez (1889-1972)\">\n<p class=\"has-drop-cap\">D\u2019origine bordelaise, Emmanuel Sougez, apr\u00e8s avoir \u00e9tudi\u00e9 \u00e0 l\u2019\u00c9cole des Beaux Arts,<br>se consacre \u00e0 la photographie d\u00e8s le d\u00e9but du 20<sup>e<\/sup> si\u00e8cle\u00a0; il incarne le photographe type des ann\u00e9es 1930, alliant \u00e0 son travail artistique des travaux de commande. Jusqu\u2019en 1944, il reste le directeur des services photographiques de la revue <em>L\u2019Illustration. <\/em>La production de Sougez est immense : photographies sur verre, sur cellulose, sur papier. Tout au long de sa carri\u00e8re, il se positionne en tant que d\u00e9fenseur du concept de la \u00ab\u00a0photographie pure\u00a0\u00bb et d\u00e9nigre les diff\u00e9rentes techniques photographiques comme les photomontages, les photogrammes, les surimpressions, fr\u00e9quentes \u00e0 cette \u00e9poque.<\/p>\n\n\n\n<p>Il int\u00e8gre en 1946 le \u00ab Groupe des XV \u00bb, association dont le but \u00e9tait de promouvoir la photographie en tant qu\u2019art v\u00e9ritable et d&rsquo;attirer l&rsquo;attention sur la sauvegarde du patrimoine photographique fran\u00e7ais. Avec Fran\u00e7ois Tuefferd (membre cofondateur de l\u2019association), Marcel Bovis, Willy Ronis, Lucien Lorelle, Ren\u00e9-Jacques, Pierre Jahan ou encore Robert Doisneau, il milite pour que la photographie s\u2019impose comme un puissant moyen d\u2019expression graphique.<\/p>\n<\/div><div class=\"definition_placeholder\" data-id=\"677\" data-title=\"Pierre Portelette dit Pierda (1890-1971)\">\n<p class=\"has-drop-cap\">Pierre Portelette (1890-1971) est avant tout au d\u00e9but de sa carri\u00e8re un illustrateur de presse notamment pour <em>Le Journal amusant <\/em>et <em>Lisette<\/em>. Entre 1933 et 1935, il s\u2019engage sous le pseudonyme de Pierda dans un partenariat exclusif avec les \u00e9ditions Delagrave. Il cr\u00e9e alors une collection d\u2019albums photographiques pour enfants, ce qui lui permet d\u2019acc\u00e9der \u00e0 une reconnaissance v\u00e9ritable de son travail dans l\u2019\u00e9dition jeunesse.<\/p>\n\n\n\n<p>Il publie plusieurs ab\u00e9c\u00e9daires photographiques avec pour mod\u00e8les ses deux enfants. La recherche graphique caract\u00e9rise son travail photographique et les photos qu\u2019il met au point sont efficaces avec beaucoup de charme et de simplicit\u00e9. Le travail de Pierda t\u00e9moigne d\u2019une certaine \u00e9volution commerciale du livre s\u2019adressant aux enfants en cette premi\u00e8re moiti\u00e9 du 20<sup>e<\/sup> si\u00e8cle qui conna\u00eet une envol\u00e9e sans pr\u00e9c\u00e9dent de l\u2019offre, car c\u2019est \u00e9galement la p\u00e9riode des \u00ab Albums du P\u00e8re Castor \u00bb ou de ceux de Jean de Brunhoff, le cr\u00e9ateur de Babar.<\/p>\n<\/div><div class=\"definition_placeholder\" data-id=\"687\" data-title=\"Tana Hoban (1917-2006)\">\n<p class=\"has-drop-cap\">Tana Hoban est n\u00e9e \u00e0 Philadelphie de parents d\u2019origine russe. Dipl\u00f4m\u00e9e d&rsquo;une \u00e9cole de Beaux Arts, elle se sp\u00e9cialise tr\u00e8s t\u00f4t dans les portraits d\u2019enfants. Elle est reconnue pour son travail d\u00e8s 1949, lorsqu&rsquo;elle est expos\u00e9e au Mus\u00e9e d&rsquo;Art Moderne de New York (MoMa). C&rsquo;est dans les ann\u00e9es 1970 qu&rsquo;elle se lance dans l&rsquo;\u00e9dition jeunesse, marqu\u00e9e par ce qu&rsquo;elle appela \u00ab\u00a0l&rsquo;exp\u00e9rience de Bank Street\u00a0\u00bb. Des enfants de l&rsquo;\u00e9cole de Bank Street \u00e0 New York furent un jour questionn\u00e9s sur ce qu&rsquo;ils avaient vu sur leur trajet en venant \u00e0 l&rsquo;\u00e9cole. R\u00e9ponse : \u00ab\u00a0Rien\u00a0\u00bb. C&rsquo;est alors que Tana Hoban d\u00e9cida de faire des photos qui inciteraient les enfants \u00e0 regarder diff\u00e9remment le monde qui les entoure. Ses albums de photographie, en noir et blanc ou en couleurs, sont accessibles m\u00eame aux tout-petits gr\u00e2ce \u00e0 son attention port\u00e9e aux formes, aux couleurs et aux textures.<\/p>\n<\/div><div class=\"definition_placeholder\" data-id=\"1340\" data-title=\"Claire D\u00e9\">\n<p class=\"has-drop-cap\">Apr\u00e8s des \u00e9tudes dans le domaine culturel, Claire D\u00e9, artiste photographe plasticienne, se tourne vers la conception d&rsquo;albums pour la jeunesse et d&rsquo;outils de m\u00e9diation en volume. Elle a collabor\u00e9 avec le Centre Pompidou et travaille sur des projets autour de la p\u00e9dagogie de l&rsquo;art. Depuis 2000, Claire D\u00e9 d\u00e9veloppe un travail plastique et photographique pour la jeunesse o\u00f9 l\u2019image et le livre tiennent une place centrale. Ses chantiers artistiques qui s\u2019emparent joyeusement du quotidien tentent de m\u00e9tamorphoser les objets ordinaires en objets artistiques, en mati\u00e8re cr\u00e9ative. Porter un autre regard sur le r\u00e9el. Inviter les enfants \u00e0 faire \u00ab\u00a0un pas de c\u00f4t\u00e9\u00a0\u00bb, \u00e0 vivre un art de l\u2019\u00e9tonnement et de l\u2019exp\u00e9rimentation tout en s\u2019initiant au beau. Livres et installations dans l\u2019espace, en dialogue, placent toujours le lecteur en position d\u2019explorateur.<br>Au-del\u00e0 du plaisir de jouer avec les formes, les couleurs, les mati\u00e8res, la lumi\u00e8re, Claire D\u00e9 aime explorer les possibilit\u00e9s de l\u2019album et renouvelle ses propositions dans chacun de ses projets.<\/p>\n<\/div>\n                <div class=\"modal\" id=\"modal_definition\" tabindex=\"-1\" role=\"dialog\">\n                  <div class=\"modal-dialog modal-dialog-centered\" role=\"document\">\n                    <div class=\"modal-content\">\n                      <div class=\"modal-header\">\n                        <h5 class=\"modal-title colored\"><\/h5>\n                        <button type=\"button\" class=\"close\" data-dismiss=\"modal\" aria-label=\"Close\">\n                          <span aria-hidden=\"true\">&times;<\/span>\n                        <\/button>\n                      <\/div>\n                      <div class=\"row\">\n                          <div class=\"col-10 offset-1 col-md-8 offset-md-2\">\n                              <div class=\"modal-body\">\n                              <\/div>\n                          <\/div>\n                      <\/div>\n                    <\/div>\n                  <\/div>\n                <\/div>\n            ","protected":false},"author":4,"featured_media":96,"template":"","class_list":["post-136","chapitre","type-chapitre","status-publish","has-post-thumbnail","hentry"],"featuredTag":"<img width=\"1181\" height=\"948\" src=\"https:\/\/expo.rosalis.bibliotheque.toulouse.fr\/clic-clac\/wp-content\/uploads\/sites\/5\/2021\/03\/home-IMAGINE-1-CLAIREDE.jpg\" class=\"attachment-post-thumbnail size-post-thumbnail wp-post-image\" alt=\"\" decoding=\"async\" loading=\"lazy\" srcset=\"https:\/\/expo.rosalis.bibliotheque.toulouse.fr\/clic-clac\/wp-content\/uploads\/sites\/5\/2021\/03\/home-IMAGINE-1-CLAIREDE.jpg 1181w, https:\/\/expo.rosalis.bibliotheque.toulouse.fr\/clic-clac\/wp-content\/uploads\/sites\/5\/2021\/03\/home-IMAGINE-1-CLAIREDE-300x241.jpg 300w, https:\/\/expo.rosalis.bibliotheque.toulouse.fr\/clic-clac\/wp-content\/uploads\/sites\/5\/2021\/03\/home-IMAGINE-1-CLAIREDE-1024x822.jpg 1024w, https:\/\/expo.rosalis.bibliotheque.toulouse.fr\/clic-clac\/wp-content\/uploads\/sites\/5\/2021\/03\/home-IMAGINE-1-CLAIREDE-768x616.jpg 768w\" sizes=\"auto, (max-width: 1181px) 100vw, 1181px\" \/>","_links":{"self":[{"href":"https:\/\/expo.rosalis.bibliotheque.toulouse.fr\/clic-clac\/wp-json\/wp\/v2\/chapitre\/136","targetHints":{"allow":["GET"]}}],"collection":[{"href":"https:\/\/expo.rosalis.bibliotheque.toulouse.fr\/clic-clac\/wp-json\/wp\/v2\/chapitre"}],"about":[{"href":"https:\/\/expo.rosalis.bibliotheque.toulouse.fr\/clic-clac\/wp-json\/wp\/v2\/types\/chapitre"}],"author":[{"embeddable":true,"href":"https:\/\/expo.rosalis.bibliotheque.toulouse.fr\/clic-clac\/wp-json\/wp\/v2\/users\/4"}],"wp:featuredmedia":[{"embeddable":true,"href":"https:\/\/expo.rosalis.bibliotheque.toulouse.fr\/clic-clac\/wp-json\/wp\/v2\/media\/96"}],"wp:attachment":[{"href":"https:\/\/expo.rosalis.bibliotheque.toulouse.fr\/clic-clac\/wp-json\/wp\/v2\/media?parent=136"}],"curies":[{"name":"wp","href":"https:\/\/api.w.org\/{rel}","templated":true}]}}